{"id":260,"date":"2024-11-28T16:22:41","date_gmt":"2024-11-28T16:22:41","guid":{"rendered":"https:\/\/fontaneriasalas.com\/wp\/?page_id=260"},"modified":"2024-12-17T19:00:53","modified_gmt":"2024-12-17T19:00:53","slug":"politica-de-privacidad","status":"publish","type":"page","link":"https:\/\/fontaneriasalas.com\/wp\/politica-de-privacidad\/","title":{"rendered":"Pol\u00edtica de privacidad"},"content":{"rendered":"\n[et_pb_section fb_built=\u00bb1&#8243; admin_label=\u00bbsection\u00bb _builder_version=\u00bb4.16&#8243; global_colors_info=\u00bb{}\u00bb theme_builder_area=\u00bbpost_content\u00bb][et_pb_row admin_label=\u00bbrow\u00bb _builder_version=\u00bb4.16&#8243; background_size=\u00bbinitial\u00bb background_position=\u00bbtop_left\u00bb background_repeat=\u00bbrepeat\u00bb global_colors_info=\u00bb{}\u00bb theme_builder_area=\u00bbpost_content\u00bb][et_pb_column type=\u00bb4_4&#8243; _builder_version=\u00bb4.16&#8243; custom_padding=\u00bb|||\u00bb global_colors_info=\u00bb{}\u00bb custom_padding__hover=\u00bb|||\u00bb theme_builder_area=\u00bbpost_content\u00bb][et_pb_text _builder_version=\u00bb4.20.2&#8243; _module_preset=\u00bbdefault\u00bb global_colors_info=\u00bb{}\u00bb theme_builder_area=\u00bbpost_content\u00bb]<h1>Protecci\u00f3n de datos de car\u00e1cter personal seg\u00fan la LOPD<\/h1>[\/et_pb_text][et_pb_text _builder_version=\u00bb4.20.2&#8243; _module_preset=\u00bbdefault\u00bb global_colors_info=\u00bb{}\u00bb theme_builder_area=\u00bbpost_content\u00bb]<p>VALENT\u00cdN SALAS MERINO (FONTANER\u00cdA SALAS), en aplicaci\u00f3n de la normativa vigente en materia de protecci\u00f3n de datos de car\u00e1cter personal, informa que los datos personales que se recogen a trav\u00e9s de los formularios del Sitio web: fontaneriasalas.com, se incluyen en los ficheros automatizados espec\u00edficos de usuarios de los servicios de FONTANER\u00cdA SALAS.<\/p>\n<p>La recogida y tratamiento automatizado de los datos de car\u00e1cter personal tiene como finalidad el mantenimiento de la relaci\u00f3n comercial y el desempe\u00f1o de tareas de informaci\u00f3n, formaci\u00f3n, asesoramiento y otras actividades propias de FONTANER\u00cdA SALAS.<\/p>\n<p>Estos datos \u00fanicamente ser\u00e1n cedidos a aquellas entidades que sean necesarias con el \u00fanico objetivo de dar cumplimiento a la finalidad anteriormente expuesta.<\/p>\n<p>FONTANER\u00cdA SALAS adopta las medidas necesarias para garantizar la seguridad, integridad y confidencialidad de los datos conforme a lo dispuesto en el Reglamento (UE) 2016\/679 del Parlamento Europeo y del Consejo, de 27 de abril de 2016, relativo a la protecci\u00f3n de las personas f\u00edsicas en lo que respecta al tratamiento de datos personales y a la libre circulaci\u00f3n de los mismos.<\/p>\n<p>El usuario podr\u00e1 en cualquier momento ejercitar los derechos de acceso, oposici\u00f3n, rectificaci\u00f3n y cancelaci\u00f3n reconocidos en el citado Reglamento (UE). El ejercicio de estos derechos puede realizarlo el propio usuario a trav\u00e9s de email a: info@fontaneriasalas.com o en la direcci\u00f3n: Calle Margubete 38. 26250. Santo Domingo de la Calzada (La Rioja).<\/p>\n<p>El usuario manifiesta que todos los datos facilitados por \u00e9l son ciertos y correctos, y se compromete a mantenerlos actualizados, comunicando los cambios a FONTANER\u00cdA SALAS.<\/p>[\/et_pb_text][et_pb_text _builder_version=\u00bb4.20.2&#8243; _module_preset=\u00bbdefault\u00bb global_colors_info=\u00bb{}\u00bb theme_builder_area=\u00bbpost_content\u00bb]<h2>Finalidad del tratamiento de los datos personales<\/h2>[\/et_pb_text][et_pb_text _builder_version=\u00bb4.20.2&#8243; _module_preset=\u00bbdefault\u00bb global_colors_info=\u00bb{}\u00bb theme_builder_area=\u00bbpost_content\u00bb]<h3>\u00bfCon qu\u00e9 finalidad trataremos tus datos personales?<\/h3>[\/et_pb_text][et_pb_text _builder_version=\u00bb4.20.2&#8243; _module_preset=\u00bbdefault\u00bb global_colors_info=\u00bb{}\u00bb theme_builder_area=\u00bbpost_content\u00bb]<p>En FONTANER\u00cdA SALAS, trataremos tus datos personales recabados a trav\u00e9s del sitio web fontaneriasalas.com, con las siguientes finalidades:<\/p>\n<ul>\n<li style=\"list-style-type: none;\">\n<ul>\n<li>En caso de contrataci\u00f3n de los bienes y servicios ofertados a trav\u00e9s de fontaneriasalas.com, para mantener la relaci\u00f3n contractual, as\u00ed como la gesti\u00f3n, administraci\u00f3n, informaci\u00f3n, prestaci\u00f3n y mejora del servicio.<\/li>\n<li>Env\u00edo de informaci\u00f3n solicitada a trav\u00e9s de los formularios dispuestos en fontaneriasalas.com.<\/li>\n<li>Remitir boletines (newsletters), as\u00ed como comunicaciones comerciales de promociones y\/o publicidad de FONTANER\u00cdA SALAS y del sector.<\/li>\n<\/ul>\n<\/li>\n<\/ul>\n<p>Te recordamos que puedes oponerte al env\u00edo de comunicaciones comerciales por cualquier v\u00eda y en cualquier momento, remitiendo un correo electr\u00f3nico a la direcci\u00f3n indicada anteriormente.<\/p>\n<p>Los campos de dichos registros son de cumplimentaci\u00f3n obligatoria, siendo imposible realizar las finalidades expresadas si no se aportan esos datos.<\/p>[\/et_pb_text][et_pb_text _builder_version=\u00bb4.20.2&#8243; _module_preset=\u00bbdefault\u00bb global_colors_info=\u00bb{}\u00bb theme_builder_area=\u00bbpost_content\u00bb]<h3>\u00bfPor cu\u00e1nto tiempo se conservan los datos personales recabados?<\/h3>[\/et_pb_text][et_pb_text _builder_version=\u00bb4.20.2&#8243; _module_preset=\u00bbdefault\u00bb global_colors_info=\u00bb{}\u00bb theme_builder_area=\u00bbpost_content\u00bb]<p>Los datos personales proporcionados se conservar\u00e1n mientras se mantenga la relaci\u00f3n comercial o no solicites su supresi\u00f3n y durante el plazo por el cual pudieran derivarse responsabilidades legales por los servicios restados.<\/p>[\/et_pb_text][et_pb_text _builder_version=\u00bb4.20.2&#8243; _module_preset=\u00bbdefault\u00bb global_colors_info=\u00bb{}\u00bb theme_builder_area=\u00bbpost_content\u00bb]<h3>Legitimaci\u00f3n<\/h3>[\/et_pb_text][et_pb_text _builder_version=\u00bb4.20.2&#8243; _module_preset=\u00bbdefault\u00bb global_colors_info=\u00bb{}\u00bb theme_builder_area=\u00bbpost_content\u00bb]<p>El tratamiento de tus datos se realiza con las siguientes bases jur\u00eddicas que legitiman el mismo:<\/p>\n<p>La solicitud de informaci\u00f3n y\/o la contrataci\u00f3n de los servicios de FONTANER\u00cdA SALAS, cuyos t\u00e9rminos y condiciones se pondr\u00e1n a tu disposici\u00f3n en todo caso, de forma previa a una eventual contrataci\u00f3n.<\/p>\n<p>El consentimiento libre, espec\u00edfico, informado e inequ\u00edvoco, en tanto que te informamos poniendo a tu disposici\u00f3n la presente pol\u00edtica de privacidad, que tras la lectura de la misma, en caso de estar conforme, puedes aceptar mediante una declaraci\u00f3n o una clara acci\u00f3n afirmativa, como el marcado de una casilla dispuesta al efecto.<\/p>\n<p>En caso de que no nos facilites tus datos o lo hagas de forma err\u00f3nea o incompleta, no podremos atender tu solicitud, resultando del todo imposible proporcionarte la informaci\u00f3n solicitada o llevar a cabo la contrataci\u00f3n de los servicios.<\/p>[\/et_pb_text][et_pb_text _builder_version=\u00bb4.20.2&#8243; _module_preset=\u00bbdefault\u00bb global_colors_info=\u00bb{}\u00bb theme_builder_area=\u00bbpost_content\u00bb]<h3>Destinatarios<\/h3>[\/et_pb_text][et_pb_text _builder_version=\u00bb4.27.4&#8243; _module_preset=\u00bbdefault\u00bb hover_enabled=\u00bb0&#8243; global_colors_info=\u00bb{}\u00bb theme_builder_area=\u00bbpost_content\u00bb custom_padding=\u00bb||7px|||\u00bb sticky_enabled=\u00bb0&#8243;]<p>Los datos no se comunicar\u00e1n a ning\u00fan tercero ajeno a FONTANER\u00cdA SALAS, salvo obligaci\u00f3n legal.<\/p>[\/et_pb_text][et_pb_text _builder_version=\u00bb4.20.2&#8243; _module_preset=\u00bbdefault\u00bb global_colors_info=\u00bb{}\u00bb theme_builder_area=\u00bbpost_content\u00bb]<h3>Datos recopilados por usuarios de los servicios<\/h3>[\/et_pb_text][et_pb_text _builder_version=\u00bb4.27.4&#8243; _module_preset=\u00bbdefault\u00bb hover_enabled=\u00bb0&#8243; global_colors_info=\u00bb{}\u00bb theme_builder_area=\u00bbpost_content\u00bb sticky_enabled=\u00bb0&#8243;]<p>En los casos en que el usuario incluya ficheros con datos de car\u00e1cter personal en los servidores de alojamiento compartido, FONTANER\u00cdA SALAS no se hace responsable del incumplimiento por parte del usuario del RGPD.<\/p>[\/et_pb_text][et_pb_text _builder_version=\u00bb4.20.2&#8243; _module_preset=\u00bbdefault\u00bb global_colors_info=\u00bb{}\u00bb theme_builder_area=\u00bbpost_content\u00bb]<h3>Retenci\u00f3n de datos en conformidad a la LSSI<\/h3>[\/et_pb_text][et_pb_text _builder_version=\u00bb4.20.2&#8243; _module_preset=\u00bbdefault\u00bb global_colors_info=\u00bb{}\u00bb theme_builder_area=\u00bbpost_content\u00bb]<p>FONTANER\u00cdA SALAS informa de que, como prestador de servicio de alojamiento de datos y en virtud de lo establecido en la Ley 34\/2002 de 11 de julio de Servicios de la Sociedad de la Informaci\u00f3n y de Comercio Electr\u00f3nico (LSSI), retiene por un periodo m\u00e1ximo de 12 meses la informaci\u00f3n imprescindible para identificar el origen de los datos alojados y el momento en que se inici\u00f3 la prestaci\u00f3n del servicio. La retenci\u00f3n de estos datos no afecta al secreto de las comunicaciones y s\u00f3lo podr\u00e1n ser utilizados en el marco de una investigaci\u00f3n criminal o para la salvaguardia de la seguridad p\u00fablica, poni\u00e9ndose a disposici\u00f3n de los jueces y\/o tribunales o del Ministerio que as\u00ed los requiera.<\/p>\n<p>La comunicaci\u00f3n de datos a las Fuerzas y Cuerpos del Estado se har\u00e1 en virtud a lo dispuesto en la normativa sobre protecci\u00f3n de datos personales.<\/p>[\/et_pb_text][et_pb_text _builder_version=\u00bb4.20.2&#8243; _module_preset=\u00bbdefault\u00bb global_colors_info=\u00bb{}\u00bb theme_builder_area=\u00bbpost_content\u00bb]<h3>Protecci\u00f3n de la informaci\u00f3n alojada<\/h3>[\/et_pb_text][et_pb_text _builder_version=\u00bb4.20.2&#8243; _module_preset=\u00bbdefault\u00bb global_colors_info=\u00bb{}\u00bb theme_builder_area=\u00bbpost_content\u00bb]<p>FONTANER\u00cdA SALAS realiza copias de seguridad de los contenidos alojados en sus servidores, sin embargo no se responsabiliza de la p\u00e9rdida o el borrado accidental de los datos por parte de los usuarios. De igual manera, no garantiza la reposici\u00f3n total de los datos borrados por los usuarios, ya que los citados datos podr\u00edan haber sido suprimidos y\/o modificados durante el periodo del tiempo transcurrido desde la \u00faltima copia de seguridad.<\/p>[\/et_pb_text][et_pb_text _builder_version=\u00bb4.20.2&#8243; _module_preset=\u00bbdefault\u00bb global_colors_info=\u00bb{}\u00bb theme_builder_area=\u00bbpost_content\u00bb]<h3>Comunicaciones comerciales<\/h3>[\/et_pb_text][et_pb_text _builder_version=\u00bb4.20.2&#8243; _module_preset=\u00bbdefault\u00bb global_colors_info=\u00bb{}\u00bb theme_builder_area=\u00bbpost_content\u00bb]<p>En aplicaci\u00f3n de la LSSI FONTANER\u00cdA SALAS no enviar\u00e1 comunicaciones publicitarias o promocionales por correo electr\u00f3nico u otro medio de comunicaci\u00f3n electr\u00f3nica equivalente que previamente no hubieran sido solicitadas o expresamente autorizadas por los destinatarios de las mismas.<\/p>\n<p>En el caso de usuarios con los que exista una relaci\u00f3n contractual previa, FONTANER\u00cdA SALAS s\u00ed est\u00e1 autorizado al env\u00edo de comunicaciones comerciales referentes a productos o servicios de FONTANER\u00cdA SALAS que sean similares a los que inicialmente fueron objeto de contrataci\u00f3n con el cliente.<\/p>\n<p>En todo caso, el usuario, tras acreditar su identidad, podr\u00e1 solicitar que no se le haga llegar m\u00e1s informaci\u00f3n comercial a trav\u00e9s de los canales de Atenci\u00f3n al Cliente.<\/p>[\/et_pb_text][\/et_pb_column][\/et_pb_row][\/et_pb_section]\n","protected":false},"excerpt":{"rendered":"<p>Protecci\u00f3n de datos de car\u00e1cter personal seg\u00fan la LOPDVALENT\u00cdN SALAS MERINO (FONTANER\u00cdA SALAS), en aplicaci\u00f3n de la normativa vigente en materia de protecci\u00f3n de datos de car\u00e1cter personal, informa que los datos personales que se recogen a trav\u00e9s de los formularios del Sitio web: fontaneriasalas.com, se incluyen en los ficheros automatizados espec\u00edficos de usuarios de [&hellip;]<\/p>\n","protected":false},"author":1,"featured_media":0,"parent":0,"menu_order":0,"comment_status":"closed","ping_status":"closed","template":"","meta":{"_et_pb_use_builder":"on","_et_pb_old_content":"","_et_gb_content_width":"","footnotes":""},"class_list":["post-260","page","type-page","status-publish","hentry"],"yoast_head":"<!-- This site is optimized with the Yoast SEO plugin v28.4 - https:\/\/yoast.com\/product\/yoast-seo-wordpress\/ -->\n<title>Pol\u00edtica de privacidad - Fontaner\u00eda Salas<\/title>\n<meta name=\"robots\" content=\"noindex, follow\" \/>\n<meta property=\"og:locale\" content=\"es_ES\" \/>\n<meta property=\"og:type\" content=\"article\" \/>\n<meta property=\"og:title\" content=\"Pol\u00edtica de privacidad - Fontaner\u00eda Salas\" \/>\n<meta property=\"og:description\" content=\"Protecci\u00f3n de datos de car\u00e1cter personal seg\u00fan la LOPDVALENT\u00cdN SALAS MERINO (FONTANER\u00cdA SALAS), en aplicaci\u00f3n de la normativa vigente en materia de protecci\u00f3n de datos de car\u00e1cter personal, informa que los datos personales que se recogen a trav\u00e9s de los formularios del Sitio web: fontaneriasalas.com, se incluyen en los ficheros automatizados espec\u00edficos de usuarios de [&hellip;]\" \/>\n<meta property=\"og:url\" content=\"https:\/\/fontaneriasalas.com\/wp\/politica-de-privacidad\/\" \/>\n<meta property=\"og:site_name\" content=\"Fontaner\u00eda Salas\" \/>\n<meta property=\"article:modified_time\" content=\"2024-12-17T19:00:53+00:00\" \/>\n<meta name=\"twitter:card\" content=\"summary_large_image\" \/>\n<script type=\"application\/ld+json\" class=\"yoast-schema-graph\">{\"@context\":\"https:\\\/\\\/schema.org\",\"@graph\":[{\"@type\":\"WebPage\",\"@id\":\"https:\\\/\\\/fontaneriasalas.com\\\/wp\\\/politica-de-privacidad\\\/\",\"url\":\"https:\\\/\\\/fontaneriasalas.com\\\/wp\\\/politica-de-privacidad\\\/\",\"name\":\"Pol\u00edtica de privacidad - Fontaner\u00eda Salas\",\"isPartOf\":{\"@id\":\"https:\\\/\\\/fontaneriasalas.com\\\/wp\\\/#website\"},\"datePublished\":\"2024-11-28T16:22:41+00:00\",\"dateModified\":\"2024-12-17T19:00:53+00:00\",\"breadcrumb\":{\"@id\":\"https:\\\/\\\/fontaneriasalas.com\\\/wp\\\/politica-de-privacidad\\\/#breadcrumb\"},\"inLanguage\":\"es\",\"potentialAction\":[{\"@type\":\"ReadAction\",\"target\":[\"https:\\\/\\\/fontaneriasalas.com\\\/wp\\\/politica-de-privacidad\\\/\"]}]},{\"@type\":\"BreadcrumbList\",\"@id\":\"https:\\\/\\\/fontaneriasalas.com\\\/wp\\\/politica-de-privacidad\\\/#breadcrumb\",\"itemListElement\":[{\"@type\":\"ListItem\",\"position\":1,\"name\":\"Portada\",\"item\":\"https:\\\/\\\/fontaneriasalas.com\\\/wp\\\/\"},{\"@type\":\"ListItem\",\"position\":2,\"name\":\"Pol\u00edtica de privacidad\"}]},{\"@type\":\"WebSite\",\"@id\":\"https:\\\/\\\/fontaneriasalas.com\\\/wp\\\/#website\",\"url\":\"https:\\\/\\\/fontaneriasalas.com\\\/wp\\\/\",\"name\":\"Fontaner\u00eda Salas\",\"description\":\"Fontaner\u00eda y calefacci\u00f3n en Santo Domingo de la Calzada\",\"potentialAction\":[{\"@type\":\"SearchAction\",\"target\":{\"@type\":\"EntryPoint\",\"urlTemplate\":\"https:\\\/\\\/fontaneriasalas.com\\\/wp\\\/?s={search_term_string}\"},\"query-input\":{\"@type\":\"PropertyValueSpecification\",\"valueRequired\":true,\"valueName\":\"search_term_string\"}}],\"inLanguage\":\"es\"}]}<\/script>\n<!-- \/ Yoast SEO plugin. -->","yoast_head_json":{"title":"Pol\u00edtica de privacidad - Fontaner\u00eda Salas","robots":{"index":"noindex","follow":"follow"},"og_locale":"es_ES","og_type":"article","og_title":"Pol\u00edtica de privacidad - Fontaner\u00eda Salas","og_description":"Protecci\u00f3n de datos de car\u00e1cter personal seg\u00fan la LOPDVALENT\u00cdN SALAS MERINO (FONTANER\u00cdA SALAS), en aplicaci\u00f3n de la normativa vigente en materia de protecci\u00f3n de datos de car\u00e1cter personal, informa que los datos personales que se recogen a trav\u00e9s de los formularios del Sitio web: fontaneriasalas.com, se incluyen en los ficheros automatizados espec\u00edficos de usuarios de [&hellip;]","og_url":"https:\/\/fontaneriasalas.com\/wp\/politica-de-privacidad\/","og_site_name":"Fontaner\u00eda Salas","article_modified_time":"2024-12-17T19:00:53+00:00","twitter_card":"summary_large_image","schema":{"@context":"https:\/\/schema.org","@graph":[{"@type":"WebPage","@id":"https:\/\/fontaneriasalas.com\/wp\/politica-de-privacidad\/","url":"https:\/\/fontaneriasalas.com\/wp\/politica-de-privacidad\/","name":"Pol\u00edtica de privacidad - Fontaner\u00eda Salas","isPartOf":{"@id":"https:\/\/fontaneriasalas.com\/wp\/#website"},"datePublished":"2024-11-28T16:22:41+00:00","dateModified":"2024-12-17T19:00:53+00:00","breadcrumb":{"@id":"https:\/\/fontaneriasalas.com\/wp\/politica-de-privacidad\/#breadcrumb"},"inLanguage":"es","potentialAction":[{"@type":"ReadAction","target":["https:\/\/fontaneriasalas.com\/wp\/politica-de-privacidad\/"]}]},{"@type":"BreadcrumbList","@id":"https:\/\/fontaneriasalas.com\/wp\/politica-de-privacidad\/#breadcrumb","itemListElement":[{"@type":"ListItem","position":1,"name":"Portada","item":"https:\/\/fontaneriasalas.com\/wp\/"},{"@type":"ListItem","position":2,"name":"Pol\u00edtica de privacidad"}]},{"@type":"WebSite","@id":"https:\/\/fontaneriasalas.com\/wp\/#website","url":"https:\/\/fontaneriasalas.com\/wp\/","name":"Fontaner\u00eda Salas","description":"Fontaner\u00eda y calefacci\u00f3n en Santo Domingo de la Calzada","potentialAction":[{"@type":"SearchAction","target":{"@type":"EntryPoint","urlTemplate":"https:\/\/fontaneriasalas.com\/wp\/?s={search_term_string}"},"query-input":{"@type":"PropertyValueSpecification","valueRequired":true,"valueName":"search_term_string"}}],"inLanguage":"es"}]}},"_links":{"self":[{"href":"https:\/\/fontaneriasalas.com\/wp\/wp-json\/wp\/v2\/pages\/260","targetHints":{"allow":["GET"]}}],"collection":[{"href":"https:\/\/fontaneriasalas.com\/wp\/wp-json\/wp\/v2\/pages"}],"about":[{"href":"https:\/\/fontaneriasalas.com\/wp\/wp-json\/wp\/v2\/types\/page"}],"author":[{"embeddable":true,"href":"https:\/\/fontaneriasalas.com\/wp\/wp-json\/wp\/v2\/users\/1"}],"replies":[{"embeddable":true,"href":"https:\/\/fontaneriasalas.com\/wp\/wp-json\/wp\/v2\/comments?post=260"}],"version-history":[{"count":4,"href":"https:\/\/fontaneriasalas.com\/wp\/wp-json\/wp\/v2\/pages\/260\/revisions"}],"predecessor-version":[{"id":302,"href":"https:\/\/fontaneriasalas.com\/wp\/wp-json\/wp\/v2\/pages\/260\/revisions\/302"}],"wp:attachment":[{"href":"https:\/\/fontaneriasalas.com\/wp\/wp-json\/wp\/v2\/media?parent=260"}],"curies":[{"name":"wp","href":"https:\/\/api.w.org\/{rel}","templated":true}]}}